{"id":978,"date":"2016-01-25T20:17:44","date_gmt":"2016-01-25T20:17:44","guid":{"rendered":"http:\/\/ee.mlfmonde.org\/stavanger-lycee-francais\/?page_id=978"},"modified":"2018-08-21T11:52:58","modified_gmt":"2018-08-21T11:52:58","slug":"equipe-du-lycee-francais-de-stavanger","status":"publish","type":"page","link":"https:\/\/ee.mlfmonde.org\/stavanger-lycee-francais\/equipe-du-lycee-francais-de-stavanger\/","title":{"rendered":"Les personnels du Lyc\u00e9e Fran\u00e7ais de Stavanger"},"content":{"rendered":"<p><span style=\"text-decoration: underline\"><strong>Administration<\/strong><\/span> :<\/p>\n<ul>\n<li>Yann Meur\u00a0(proviseur)<\/li>\n<li>Lydie Mulomba (French School coordinator)<\/li>\n<\/ul>\n<p><span style=\"text-decoration: underline\"><strong>Enseignants en \u00e9l\u00e9mentaire<\/strong><\/span><strong> :<\/strong><\/p>\n<ul>\n<li>Mme Isabelle Girdal-Latour (CP\/CE2)<\/li>\n<li>Mme Val\u00e9rie Thomas (CE1)<\/li>\n<li>Mme Fabienne Drelon (CM1-CM2)<\/li>\n<li>M. Martin Walde (Anglais \u2013 \u00ab\u00a0anglais en situation\u00a0\u00bb &#8211;\u00a0<a href=\"http:\/\/www.emilangues.education.fr\/international\/emile-clil-europe\" target=\"_blank\" rel=\"noopener\">EMILE<\/a>&#8211; DNL)<\/li>\n<li>Mme Susan Lewis\u00a0(Anglais \u2013 \u00ab\u00a0anglais en situation\u00a0\u00bb &#8211;\u00a0<a href=\"http:\/\/www.emilangues.education.fr\/international\/emile-clil-europe\" target=\"_blank\" rel=\"noopener\">EMILE<\/a>&#8211; DNL)<\/li>\n<\/ul>\n<p><span style=\"text-decoration: underline\"><strong>Enseignants en secondaire<\/strong><\/span><\/p>\n<ul>\n<li>Mme Camille Roudeillac\u00a0(Fran\u00e7ais 6\u00b0, 5\u00b0, 4\u00b0, 3\u00b0)<\/li>\n<li>Mme Sonja Rembert\u00a0(Math\u00e9matiques &#8211; EPS en coll\u00e8ge et \u00e9l\u00e9mentaire)<\/li>\n<li>M. Micha\u00ebl Collado (Espagnol -latin-\u00a0Arts plastiques et histoire des arts en coll\u00e8ge)<\/li>\n<\/ul>\n<p><span style=\"text-decoration: underline\"><strong>Enseignants en \u00e9l\u00e9mentaire et en secondaire<\/strong><\/span><strong> :<\/strong><\/p>\n<ul>\n<li>M. Vincent Latour\u00a0(Histoire-G\u00e9ographie-EMC secondaire et Histoire-ge\u0301ographie CE2, CM1, CM2)<\/li>\n<li>M. Yann-Eric Roudeillac\u00a0(Technologie en coll\u00e8ge &#8211; Informatique en CE2, CM1, CM2, EPS en coll\u00e8ge et \u00e9l\u00e9mentaire &#8211;\u00a0Administrateur r\u00e9seau)<\/li>\n<li>\n<div class=\"page\" title=\"Page 1\">\n<div class=\"layoutArea\">\n<div class=\"column\">\n<p>M. Thierry Bernet (SVT-Physique-Chimie en coll\u00e8ge &#8211; Musique secondaire &#8211;\u00a0Sciences en CE2, CM1, CM2 et\u00a0Informatique en CP, CE1)<\/p>\n<\/div>\n<\/div>\n<\/div>\n<\/li>\n<li>M. Guillaume Egginton (Anglais &#8211;\u00a0Drama en coll\u00e8ge -DNL -et \u00ab anglais en situation \u00bb en CM2)<\/li>\n<li>Mme Anna Merat (Anglais &#8211; DNL-Drama en coll\u00e8ge)<\/li>\n<li>Mme Wenche Maeland\u00a0(Norv\u00e9gien)<\/li>\n<li>Mme Marie Jensen\u00a0 (Norv\u00e9gien)<\/li>\n<\/ul>\n","protected":false},"excerpt":{"rendered":"<p>Administration : Yann Meur\u00a0(proviseur) Lydie Mulomba (French School coordinator) Enseignants en \u00e9l\u00e9mentaire : Mme Isabelle Girdal-Latour (CP\/CE2) Mme Val\u00e9rie Thomas (CE1) Mme Fabienne Drelon (CM1-CM2) M. Martin Walde (Anglais \u2013 \u00ab\u00a0anglais en situation\u00a0\u00bb &#8211;\u00a0EMILE&#8211; DNL) Mme Susan Lewis\u00a0(Anglais \u2013 \u00ab\u00a0anglais en situation\u00a0\u00bb &#8211;\u00a0EMILE&#8211; DNL) Enseignants en secondaire Mme Camille Roudeillac\u00a0(Fran\u00e7ais 6\u00b0, 5\u00b0, 4\u00b0, 3\u00b0) Mme [&hellip;]<\/p>\n","protected":false},"author":11,"featured_media":0,"parent":0,"menu_order":0,"comment_status":"closed","ping_status":"closed","template":"","meta":{"_acf_changed":false,"footnotes":""},"class_list":["post-978","page","type-page","status-publish","czr-hentry"],"acf":[],"_links":{"self":[{"href":"https:\/\/ee.mlfmonde.org\/stavanger-lycee-francais\/wp-json\/wp\/v2\/pages\/978","targetHints":{"allow":["GET"]}}],"collection":[{"href":"https:\/\/ee.mlfmonde.org\/stavanger-lycee-francais\/wp-json\/wp\/v2\/pages"}],"about":[{"href":"https:\/\/ee.mlfmonde.org\/stavanger-lycee-francais\/wp-json\/wp\/v2\/types\/page"}],"author":[{"embeddable":true,"href":"https:\/\/ee.mlfmonde.org\/stavanger-lycee-francais\/wp-json\/wp\/v2\/users\/11"}],"replies":[{"embeddable":true,"href":"https:\/\/ee.mlfmonde.org\/stavanger-lycee-francais\/wp-json\/wp\/v2\/comments?post=978"}],"version-history":[{"count":9,"href":"https:\/\/ee.mlfmonde.org\/stavanger-lycee-francais\/wp-json\/wp\/v2\/pages\/978\/revisions"}],"predecessor-version":[{"id":9645,"href":"https:\/\/ee.mlfmonde.org\/stavanger-lycee-francais\/wp-json\/wp\/v2\/pages\/978\/revisions\/9645"}],"wp:attachment":[{"href":"https:\/\/ee.mlfmonde.org\/stavanger-lycee-francais\/wp-json\/wp\/v2\/media?parent=978"}],"curies":[{"name":"wp","href":"https:\/\/api.w.org\/{rel}","templated":true}]}}