{"id":4396,"date":"2026-04-14T16:43:27","date_gmt":"2026-04-14T16:43:27","guid":{"rendered":"https:\/\/ee.mlfmonde.org\/comilog\/?page_id=4396"},"modified":"2026-04-15T07:38:35","modified_gmt":"2026-04-15T07:38:35","slug":"evaluation-externe-de-letablissement","status":"publish","type":"page","link":"https:\/\/ee.mlfmonde.org\/comilog\/evaluation-externe-de-letablissement\/","title":{"rendered":"\u00c9valuation externe de l\u2019\u00e9tablissement"},"content":{"rendered":"\t\t<div data-elementor-type=\"wp-page\" data-elementor-id=\"4396\" class=\"elementor elementor-4396\">\n\t\t\t\t<div class=\"elementor-element elementor-element-209f7c7 e-con-full e-flex e-con e-parent\" data-id=\"209f7c7\" data-element_type=\"container\" data-settings=\"{&quot;background_background&quot;:&quot;classic&quot;}\">\n\t\t<div class=\"elementor-element elementor-element-fe6a564 e-con-full e-flex e-con e-child\" data-id=\"fe6a564\" data-element_type=\"container\">\n\t\t\t\t<div class=\"elementor-element elementor-element-1eab9dff elementor-widget elementor-widget-text-editor\" data-id=\"1eab9dff\" data-element_type=\"widget\" data-widget_type=\"text-editor.default\">\n\t\t\t\t\t\t\t\t\t<p>Dans le cadre de la d\u00e9marche d\u2019\u00e9valuation engag\u00e9e au sein de l\u2019\u00e9tablissement, la p\u00e9riode du 7 au 10 avril a \u00e9t\u00e9 consacr\u00e9e \u00e0 la phase d\u2019\u00e9valuation externe.<\/p>\t\t\t\t\t\t\t\t<\/div>\n\t\t\t\t<\/div>\n\t\t\t\t<div class=\"elementor-element elementor-element-295aaf64 elementor-widget__width-initial elementor-widget-tablet__width-inherit elementor-widget elementor-widget-image\" data-id=\"295aaf64\" data-element_type=\"widget\" data-widget_type=\"image.default\">\n\t\t\t\t\t\t\t\t\t\t\t\t\t\t\t<img fetchpriority=\"high\" decoding=\"async\" width=\"1024\" height=\"576\" src=\"https:\/\/ee.mlfmonde.org\/comilog\/wp-content\/uploads\/sites\/28\/2026\/04\/WhatsApp-Image-2026-04-10-at-08.55.07-1-1024x576.jpeg\" class=\"attachment-large size-large wp-image-4392\" alt=\"\" srcset=\"https:\/\/ee.mlfmonde.org\/comilog\/wp-content\/uploads\/sites\/28\/2026\/04\/WhatsApp-Image-2026-04-10-at-08.55.07-1-1024x576.jpeg 1024w, https:\/\/ee.mlfmonde.org\/comilog\/wp-content\/uploads\/sites\/28\/2026\/04\/WhatsApp-Image-2026-04-10-at-08.55.07-1-300x169.jpeg 300w, https:\/\/ee.mlfmonde.org\/comilog\/wp-content\/uploads\/sites\/28\/2026\/04\/WhatsApp-Image-2026-04-10-at-08.55.07-1-768x432.jpeg 768w, https:\/\/ee.mlfmonde.org\/comilog\/wp-content\/uploads\/sites\/28\/2026\/04\/WhatsApp-Image-2026-04-10-at-08.55.07-1-570x321.jpeg 570w, https:\/\/ee.mlfmonde.org\/comilog\/wp-content\/uploads\/sites\/28\/2026\/04\/WhatsApp-Image-2026-04-10-at-08.55.07-1-1110x624.jpeg 1110w, https:\/\/ee.mlfmonde.org\/comilog\/wp-content\/uploads\/sites\/28\/2026\/04\/WhatsApp-Image-2026-04-10-at-08.55.07-1-528x297.jpeg 528w, https:\/\/ee.mlfmonde.org\/comilog\/wp-content\/uploads\/sites\/28\/2026\/04\/WhatsApp-Image-2026-04-10-at-08.55.07-1.jpeg 1280w\" sizes=\"(max-width: 1024px) 100vw, 1024px\" \/>\t\t\t\t\t\t\t\t\t\t\t\t\t\t\t<\/div>\n\t\t\t\t<\/div>\n\t\t<div class=\"elementor-element elementor-element-39c8f40 e-grid e-con-boxed e-con e-parent\" data-id=\"39c8f40\" data-element_type=\"container\">\n\t\t\t\t\t<div class=\"e-con-inner\">\n\t\t\t\t<div class=\"elementor-element elementor-element-00e1bb0 elementor-widget elementor-widget-text-editor\" data-id=\"00e1bb0\" data-element_type=\"widget\" data-widget_type=\"text-editor.default\">\n\t\t\t\t\t\t\t\t\t<p>\u00c0 cette occasion, l\u2019\u00e9tablissement a eu l\u2019honneur d\u2019accueillir <strong>Madame Grafto, Madame Ronne et Monsieur Heron<\/strong>, charg\u00e9s de conduire cette mission<\/p><p>Durant ces quatre journ\u00e9es, plusieurs temps d\u2019observation et d\u2019\u00e9changes ont \u00e9t\u00e9 organis\u00e9s. Les \u00e9valuateurs ont notamment effectu\u00e9 des visites de classes afin d\u2019observer les pratiques p\u00e9dagogiques et le fonctionnement quotidien de l\u2019\u00e9tablissement. Des entretiens et rencontres, individuels ou collectifs, ont \u00e9galement \u00e9t\u00e9 men\u00e9s avec les diff\u00e9rents personnels ainsi qu\u2019avec certains membres de la communaut\u00e9 scolaire.\u00a0<\/p>\t\t\t\t\t\t\t\t<\/div>\n\t\t\t\t<div class=\"elementor-element elementor-element-f2b41ce elementor-widget elementor-widget-image\" data-id=\"f2b41ce\" data-element_type=\"widget\" data-widget_type=\"image.default\">\n\t\t\t\t\t\t\t\t\t\t\t\t<figure class=\"wp-caption\">\n\t\t\t\t\t\t\t\t\t\t<img decoding=\"async\" width=\"1024\" height=\"576\" src=\"https:\/\/ee.mlfmonde.org\/comilog\/wp-content\/uploads\/sites\/28\/2026\/04\/WhatsApp-Image-2026-04-10-at-09.43.50-1024x576.jpeg\" class=\"attachment-large size-large wp-image-4395\" alt=\"\" srcset=\"https:\/\/ee.mlfmonde.org\/comilog\/wp-content\/uploads\/sites\/28\/2026\/04\/WhatsApp-Image-2026-04-10-at-09.43.50-1024x576.jpeg 1024w, https:\/\/ee.mlfmonde.org\/comilog\/wp-content\/uploads\/sites\/28\/2026\/04\/WhatsApp-Image-2026-04-10-at-09.43.50-300x169.jpeg 300w, https:\/\/ee.mlfmonde.org\/comilog\/wp-content\/uploads\/sites\/28\/2026\/04\/WhatsApp-Image-2026-04-10-at-09.43.50-768x432.jpeg 768w, https:\/\/ee.mlfmonde.org\/comilog\/wp-content\/uploads\/sites\/28\/2026\/04\/WhatsApp-Image-2026-04-10-at-09.43.50-570x321.jpeg 570w, https:\/\/ee.mlfmonde.org\/comilog\/wp-content\/uploads\/sites\/28\/2026\/04\/WhatsApp-Image-2026-04-10-at-09.43.50-1110x624.jpeg 1110w, https:\/\/ee.mlfmonde.org\/comilog\/wp-content\/uploads\/sites\/28\/2026\/04\/WhatsApp-Image-2026-04-10-at-09.43.50-528x297.jpeg 528w, https:\/\/ee.mlfmonde.org\/comilog\/wp-content\/uploads\/sites\/28\/2026\/04\/WhatsApp-Image-2026-04-10-at-09.43.50.jpeg 1280w\" sizes=\"(max-width: 1024px) 100vw, 1024px\" \/>\t\t\t\t\t\t\t\t\t\t\t<figcaption class=\"widget-image-caption wp-caption-text\">De gauche \u00e0 droite : Madame Myriam GRAFTO (Inspectrice G\u00e9n\u00e9rale de l\u2019\u00e9ducation Nationale \u2013 \u00e9valuatrice externe), Madame V\u00e9ronique RONNE (Personnel de direction \u2013 \u00e9valuatrice externe), Monsieur St\u00e9phan MADRIAS (Proviseur du lyc\u00e9e Henry-Sylvoz), Monsieur Michel HERON (IA-IPR Inspecteur p\u00e9dagogique R\u00e9gional \u00e9ducation Nationale \u2013 \u00e9valuateur externe) , Monsieur Pierre UGNON-COUSSIOZ (Chef d\u2019\u00e9tablissement Ecole Primaire COMILOG), Madame Jessica KOUBAH (Responsable \u00c9ducation COMILOG) et Monsieur Jean-Fran\u00e7ois HEBRARD (Directeur adjoint Ecole Primaire COMILOG)<\/figcaption>\n\t\t\t\t\t\t\t\t\t\t<\/figure>\n\t\t\t\t\t\t\t\t\t<\/div>\n\t\t\t\t<div class=\"elementor-element elementor-element-418d0e3 elementor-widget elementor-widget-image\" data-id=\"418d0e3\" data-element_type=\"widget\" data-widget_type=\"image.default\">\n\t\t\t\t\t\t\t\t\t\t\t\t\t\t\t<img decoding=\"async\" width=\"1024\" height=\"576\" src=\"https:\/\/ee.mlfmonde.org\/comilog\/wp-content\/uploads\/sites\/28\/2026\/04\/WhatsApp-Image-2026-04-10-at-08.55.07-2-1024x576.jpeg\" class=\"attachment-large size-large wp-image-4391\" alt=\"\" srcset=\"https:\/\/ee.mlfmonde.org\/comilog\/wp-content\/uploads\/sites\/28\/2026\/04\/WhatsApp-Image-2026-04-10-at-08.55.07-2-1024x576.jpeg 1024w, https:\/\/ee.mlfmonde.org\/comilog\/wp-content\/uploads\/sites\/28\/2026\/04\/WhatsApp-Image-2026-04-10-at-08.55.07-2-300x169.jpeg 300w, https:\/\/ee.mlfmonde.org\/comilog\/wp-content\/uploads\/sites\/28\/2026\/04\/WhatsApp-Image-2026-04-10-at-08.55.07-2-768x432.jpeg 768w, https:\/\/ee.mlfmonde.org\/comilog\/wp-content\/uploads\/sites\/28\/2026\/04\/WhatsApp-Image-2026-04-10-at-08.55.07-2-570x321.jpeg 570w, https:\/\/ee.mlfmonde.org\/comilog\/wp-content\/uploads\/sites\/28\/2026\/04\/WhatsApp-Image-2026-04-10-at-08.55.07-2-1110x624.jpeg 1110w, https:\/\/ee.mlfmonde.org\/comilog\/wp-content\/uploads\/sites\/28\/2026\/04\/WhatsApp-Image-2026-04-10-at-08.55.07-2-528x297.jpeg 528w, https:\/\/ee.mlfmonde.org\/comilog\/wp-content\/uploads\/sites\/28\/2026\/04\/WhatsApp-Image-2026-04-10-at-08.55.07-2.jpeg 1280w\" sizes=\"(max-width: 1024px) 100vw, 1024px\" \/>\t\t\t\t\t\t\t\t\t\t\t\t\t\t\t<\/div>\n\t\t\t\t<div class=\"elementor-element elementor-element-787cab0 elementor-widget elementor-widget-text-editor\" data-id=\"787cab0\" data-element_type=\"widget\" data-widget_type=\"text-editor.default\">\n\t\t\t\t\t\t\t\t\t<p>Cette phase d\u2019\u00e9valuation externe s\u2019est conclue par un temps de restitution au cours duquel les premiers \u00e9l\u00e9ments d\u2019analyse ont \u00e9t\u00e9 pr\u00e9sent\u00e9s, contribuant ainsi \u00e0 nourrir la r\u00e9flexion collective autour du d\u00e9veloppement et de l\u2019am\u00e9lioration continue de l\u2019\u00e9tablissement.<\/p><p>Par ailleurs, la direction de l\u2019\u00e9tablissement et l&#8217;ensemble du personel ont \u00e9t\u00e9 f\u00e9licit\u00e9s pour la qualit\u00e9 du travail accompli ainsi que pour la gestion et l\u2019organisation mises en place au sein de l\u2019\u00e9cole.<\/p>\t\t\t\t\t\t\t\t<\/div>\n\t\t\t\t\t<\/div>\n\t\t\t\t<\/div>\n\t\t\t\t<\/div>\n\t\t","protected":false},"excerpt":{"rendered":"<p>Dans le cadre de la d\u00e9marche d\u2019\u00e9valuation engag\u00e9e au sein de l\u2019\u00e9tablissement, la p\u00e9riode du 7 au 10 avril a \u00e9t\u00e9 consacr\u00e9e \u00e0 la phase d\u2019\u00e9valuation externe. \u00c0 cette occasion, l\u2019\u00e9tablissement a eu l\u2019honneur d\u2019accueillir Madame Grafto, Madame Ronne et Monsieur Heron, charg\u00e9s de conduire cette mission Durant ces quatre journ\u00e9es, plusieurs temps d\u2019observation et [&hellip;]<\/p>\n","protected":false},"author":166,"featured_media":0,"parent":0,"menu_order":0,"comment_status":"closed","ping_status":"closed","template":"","meta":{"_acf_changed":false,"footnotes":""},"class_list":["post-4396","page","type-page","status-publish","czr-hentry"],"acf":[],"_links":{"self":[{"href":"https:\/\/ee.mlfmonde.org\/comilog\/wp-json\/wp\/v2\/pages\/4396","targetHints":{"allow":["GET"]}}],"collection":[{"href":"https:\/\/ee.mlfmonde.org\/comilog\/wp-json\/wp\/v2\/pages"}],"about":[{"href":"https:\/\/ee.mlfmonde.org\/comilog\/wp-json\/wp\/v2\/types\/page"}],"author":[{"embeddable":true,"href":"https:\/\/ee.mlfmonde.org\/comilog\/wp-json\/wp\/v2\/users\/166"}],"replies":[{"embeddable":true,"href":"https:\/\/ee.mlfmonde.org\/comilog\/wp-json\/wp\/v2\/comments?post=4396"}],"version-history":[{"count":49,"href":"https:\/\/ee.mlfmonde.org\/comilog\/wp-json\/wp\/v2\/pages\/4396\/revisions"}],"predecessor-version":[{"id":4495,"href":"https:\/\/ee.mlfmonde.org\/comilog\/wp-json\/wp\/v2\/pages\/4396\/revisions\/4495"}],"wp:attachment":[{"href":"https:\/\/ee.mlfmonde.org\/comilog\/wp-json\/wp\/v2\/media?parent=4396"}],"curies":[{"name":"wp","href":"https:\/\/api.w.org\/{rel}","templated":true}]}}