{"id":3090,"date":"2025-09-15T11:47:15","date_gmt":"2025-09-15T11:47:15","guid":{"rendered":"https:\/\/ee.mlfmonde.org\/comilog\/?page_id=3090"},"modified":"2026-04-02T17:02:18","modified_gmt":"2026-04-02T17:02:18","slug":"le-mot-du-directeur","status":"publish","type":"page","link":"https:\/\/ee.mlfmonde.org\/comilog\/le-mot-du-directeur\/","title":{"rendered":"Le mot du Directeur.."},"content":{"rendered":"\n<p class=\"has-medium-font-size\">La soci\u00e9t\u00e9 ERAMET &#8211; COMILOG a confi\u00e9 la gestion de son \u00e9tablissement \u00e0 la Mission La\u00efque Fran\u00e7aise en 1974, \u00e0 ce titre, l\u2019\u00e9cole fait partie des \u00e9coles d&#8217;entreprise du r\u00e9seau de l\u2019Enseignement Fran\u00e7ais \u00e0 l\u2019Etranger.<br>C\u2019est une \u00e9cole Fran\u00e7aise priv\u00e9e, partenaire AEFE, enti\u00e8rement homologu\u00e9e par le Minist\u00e8re de l\u2019\u00c9ducation Nationale Fran\u00e7aise de la PS au CM2&#8230;<\/p>\n\n\n\n<p><\/p>\n\n\n\n<p class=\"has-medium-font-size\"><br>A la rentr\u00e9e de septembre 2025, environ 960 \u00e9l\u00e8ves seront scolaris\u00e9s, r\u00e9partis dans 37 classes, sur trois sites distincts.<\/p>\n\n\n\n<p class=\"has-medium-font-size\">L\u2019\u00e9cole b\u00e9n\u00e9ficie d\u2019un environnement propice aux apprentissages. Tr\u00e8s bien \u00e9quip\u00e9e, elle r\u00e9pond aux exigences et aux crit\u00e8res de l\u2019enseignement Fran\u00e7ais tout en pr\u00e9parant les \u00e9l\u00e8ves d\u00e9sireux d&#8217;obtenir le certificat d&#8217;\u00e9tudes primaires Gabonais (CEP) pass\u00e9 en fin de CM2<\/p>\n\n\n\n<p class=\"has-medium-font-size\">La petite \u00e9cole des cadres est devenue aujourd&#8217;hui un tr\u00e8s gros \u00e9tablissement scolaire. C&#8217;est une \u00e9quipe de pr\u00e8s de cent personnes, tous m\u00e9tiers confondus, qui \u0153uvre au service de nos \u00e9l\u00e8ves. Ce nouveau site internet, vient compl\u00e9ter les mutations en cours et nous  permettra de mieux communiquer avec l&#8217;ensemble de la communaut\u00e9 \u00e9ducative<\/p>\n\n\n\n<p class=\"has-medium-font-size\">Directeur et chef d&#8217;\u00e9tablissement de ce bel \u00e9tablissement scolaire depuis 3 ans, responsable de l&#8217;ensemble des services, je pilote au quotidien une \u00e9quipe au service de la r\u00e9ussite de nos \u00e9l\u00e8ves. C&#8217;est un vrai d\u00e9fi, que nous relevons avec l&#8217;\u00e9quipe EPC en lien \u00e9troit avec la DRH de l&#8217;entreprise COMILOG,  la t\u00eate de r\u00e9seau de la Mission La\u00efque Fran\u00e7aise et l&#8217;Ambassade de France.<\/p>\n\n\n\n<p class=\"has-medium-font-size\">Convaincu qu&#8217;une \u00e9ducation de qualit\u00e9, bienveillante et pertinente permettra \u00e0 chacun de nos \u00e9l\u00e8ves de construire la vie dont il pourrait r\u00eaver, je suis heureux de mettre mon exp\u00e9rience au service de ce bel \u00e9tablissement.<\/p>\n\n\n\n<p class=\"has-text-align-right has-medium-font-size\"><em>Le chef d&#8217;\u00e9tablissement, Pierre UGNON-COUSSIOZ<\/em><\/p>\n","protected":false},"excerpt":{"rendered":"<p>La soci\u00e9t\u00e9 ERAMET &#8211; COMILOG a confi\u00e9 la gestion de son \u00e9tablissement \u00e0 la Mission La\u00efque Fran\u00e7aise en 1974, \u00e0 ce titre, l\u2019\u00e9cole fait partie des \u00e9coles d&#8217;entreprise du r\u00e9seau de l\u2019Enseignement Fran\u00e7ais \u00e0 l\u2019Etranger.C\u2019est une \u00e9cole Fran\u00e7aise priv\u00e9e, partenaire AEFE, enti\u00e8rement homologu\u00e9e par le Minist\u00e8re de l\u2019\u00c9ducation Nationale Fran\u00e7aise de la PS au CM2&#8230; [&hellip;]<\/p>\n","protected":false},"author":166,"featured_media":0,"parent":0,"menu_order":0,"comment_status":"closed","ping_status":"closed","template":"","meta":{"_acf_changed":false,"footnotes":""},"class_list":["post-3090","page","type-page","status-publish","czr-hentry"],"acf":[],"_links":{"self":[{"href":"https:\/\/ee.mlfmonde.org\/comilog\/wp-json\/wp\/v2\/pages\/3090","targetHints":{"allow":["GET"]}}],"collection":[{"href":"https:\/\/ee.mlfmonde.org\/comilog\/wp-json\/wp\/v2\/pages"}],"about":[{"href":"https:\/\/ee.mlfmonde.org\/comilog\/wp-json\/wp\/v2\/types\/page"}],"author":[{"embeddable":true,"href":"https:\/\/ee.mlfmonde.org\/comilog\/wp-json\/wp\/v2\/users\/166"}],"replies":[{"embeddable":true,"href":"https:\/\/ee.mlfmonde.org\/comilog\/wp-json\/wp\/v2\/comments?post=3090"}],"version-history":[{"count":1,"href":"https:\/\/ee.mlfmonde.org\/comilog\/wp-json\/wp\/v2\/pages\/3090\/revisions"}],"predecessor-version":[{"id":3091,"href":"https:\/\/ee.mlfmonde.org\/comilog\/wp-json\/wp\/v2\/pages\/3090\/revisions\/3091"}],"wp:attachment":[{"href":"https:\/\/ee.mlfmonde.org\/comilog\/wp-json\/wp\/v2\/media?parent=3090"}],"curies":[{"name":"wp","href":"https:\/\/api.w.org\/{rel}","templated":true}]}}