{"id":3057,"date":"2025-09-15T07:41:50","date_gmt":"2025-09-15T07:41:50","guid":{"rendered":"https:\/\/ee.mlfmonde.org\/comilog\/?page_id=3057"},"modified":"2026-09-02T14:17:22","modified_gmt":"2026-09-02T14:17:22","slug":"message-de-rentree-2025-du-directeur-de-la-mission-laique-francaise","status":"publish","type":"page","link":"https:\/\/ee.mlfmonde.org\/comilog\/message-de-rentree-2025-du-directeur-de-la-mission-laique-francaise\/","title":{"rendered":"Message de rentr\u00e9e 2026 du directeur de la Mission La\u00efque Fran\u00e7aise."},"content":{"rendered":"\n<p class=\"has-medium-font-size\">\u00c0 l\u2019occasion de cette nouvelle rentr\u00e9e scolaire, monsieur Jean Marc MERRIAUX, directeur de la Mission La\u00efque Fran\u00e7aise adresse un message \u00e0 l\u2019ensemble des \u00e9l\u00e8ves, familles et \u00e9quipes \u00e9ducatives.<\/p>\n\n\n\n<div class=\"wp-block-columns is-layout-flex wp-container-core-columns-is-layout-9d6595d7 wp-block-columns-is-layout-flex\">\n<div class=\"wp-block-column is-layout-flow wp-block-column-is-layout-flow\" style=\"flex-basis:33.33%\">\n<p class=\"has-medium-font-size\"><br><br><\/p>\n\n\n\n<p class=\"has-medium-font-size\">directeur g\u00e9n\u00e9ral du r\u00e9seau MLFmonde (Mission la\u00efque fran\u00e7aise \/ R\u00e9seau MLF) <strong>Jean-Marc Merriaux<\/strong><\/p>\n<\/div>\n\n\n\n<div class=\"wp-block-column is-layout-flow wp-block-column-is-layout-flow\" style=\"flex-basis:66.66%\">\n<figure class=\"wp-block-embed is-type-video is-provider-youtube wp-block-embed-youtube wp-embed-aspect-16-9 wp-has-aspect-ratio\"><div class=\"wp-block-embed__wrapper\">\n<iframe title=\"Message de rentr\u00e9e 2026-2027 de Jean-Marc Merriaux, directeur g\u00e9n\u00e9ral du R\u00e9seau mlfmonde\" width=\"1140\" height=\"641\" src=\"https:\/\/www.youtube.com\/embed\/dKRZzUM69Uw?feature=oembed\" frameborder=\"0\" allow=\"accelerometer; autoplay; clipboard-write; encrypted-media; gyroscope; picture-in-picture; web-share\" referrerpolicy=\"strict-origin-when-cross-origin\" allowfullscreen><\/iframe>\n<\/div><\/figure>\n<\/div>\n<\/div>\n","protected":false},"excerpt":{"rendered":"<p>\u00c0 l\u2019occasion de cette nouvelle rentr\u00e9e scolaire, monsieur Jean Marc MERRIAUX, directeur de la Mission La\u00efque Fran\u00e7aise adresse un message \u00e0 l\u2019ensemble des \u00e9l\u00e8ves, familles et \u00e9quipes \u00e9ducatives. directeur g\u00e9n\u00e9ral du r\u00e9seau MLFmonde (Mission la\u00efque fran\u00e7aise \/ R\u00e9seau MLF) Jean-Marc Merriaux<\/p>\n","protected":false},"author":166,"featured_media":0,"parent":0,"menu_order":0,"comment_status":"closed","ping_status":"closed","template":"","meta":{"_acf_changed":false,"footnotes":""},"class_list":["post-3057","page","type-page","status-publish","czr-hentry"],"acf":[],"_links":{"self":[{"href":"https:\/\/ee.mlfmonde.org\/comilog\/wp-json\/wp\/v2\/pages\/3057","targetHints":{"allow":["GET"]}}],"collection":[{"href":"https:\/\/ee.mlfmonde.org\/comilog\/wp-json\/wp\/v2\/pages"}],"about":[{"href":"https:\/\/ee.mlfmonde.org\/comilog\/wp-json\/wp\/v2\/types\/page"}],"author":[{"embeddable":true,"href":"https:\/\/ee.mlfmonde.org\/comilog\/wp-json\/wp\/v2\/users\/166"}],"replies":[{"embeddable":true,"href":"https:\/\/ee.mlfmonde.org\/comilog\/wp-json\/wp\/v2\/comments?post=3057"}],"version-history":[{"count":7,"href":"https:\/\/ee.mlfmonde.org\/comilog\/wp-json\/wp\/v2\/pages\/3057\/revisions"}],"predecessor-version":[{"id":5120,"href":"https:\/\/ee.mlfmonde.org\/comilog\/wp-json\/wp\/v2\/pages\/3057\/revisions\/5120"}],"wp:attachment":[{"href":"https:\/\/ee.mlfmonde.org\/comilog\/wp-json\/wp\/v2\/media?parent=3057"}],"curies":[{"name":"wp","href":"https:\/\/api.w.org\/{rel}","templated":true}]}}