{"id":2758,"date":"2025-05-22T09:37:43","date_gmt":"2025-05-22T09:37:43","guid":{"rendered":"https:\/\/ee.mlfmonde.org\/comilog\/?page_id=2758"},"modified":"2025-05-22T12:18:58","modified_gmt":"2025-05-22T12:18:58","slug":"visite-de-la-direction-de-la-mission-laique-francaise","status":"publish","type":"page","link":"https:\/\/ee.mlfmonde.org\/comilog\/visite-de-la-direction-de-la-mission-laique-francaise\/","title":{"rendered":"Visite de la direction de la Mission La\u00efque Fran\u00e7aise"},"content":{"rendered":"\n<p class=\"has-medium-font-size\">Le 21 Mai 2025, nous avons eu l\u2019honneur de recevoir la visite de monsieur Jean-Marc MERRIAUX, Directeur G\u00e9n\u00e9ral de la Mission La\u00efque Fran\u00e7aise (MLF), et de monsieur Jo\u00ebl PLANTE, coordonnateur et responsable des \u00e9coles d&#8217;entreprise de la MLF.\u00a0\u00a0<\/p>\n\n\n\n<figure class=\"wp-block-gallery has-nested-images columns-default is-cropped wp-block-gallery-1 is-layout-flex wp-block-gallery-is-layout-flex\">\n<figure class=\"wp-block-image size-large\"><img fetchpriority=\"high\" decoding=\"async\" width=\"1024\" height=\"683\" data-id=\"2760\" src=\"https:\/\/ee.mlfmonde.org\/comilog\/wp-content\/uploads\/sites\/28\/2025\/05\/IMG_6318-1024x683.jpg\" alt=\"\" class=\"wp-image-2760\" srcset=\"https:\/\/ee.mlfmonde.org\/comilog\/wp-content\/uploads\/sites\/28\/2025\/05\/IMG_6318-1024x683.jpg 1024w, https:\/\/ee.mlfmonde.org\/comilog\/wp-content\/uploads\/sites\/28\/2025\/05\/IMG_6318-300x200.jpg 300w, https:\/\/ee.mlfmonde.org\/comilog\/wp-content\/uploads\/sites\/28\/2025\/05\/IMG_6318-768x512.jpg 768w, https:\/\/ee.mlfmonde.org\/comilog\/wp-content\/uploads\/sites\/28\/2025\/05\/IMG_6318-1536x1024.jpg 1536w, https:\/\/ee.mlfmonde.org\/comilog\/wp-content\/uploads\/sites\/28\/2025\/05\/IMG_6318-2048x1365.jpg 2048w, https:\/\/ee.mlfmonde.org\/comilog\/wp-content\/uploads\/sites\/28\/2025\/05\/IMG_6318-570x380.jpg 570w\" sizes=\"(max-width: 1024px) 100vw, 1024px\" \/><\/figure>\n\n\n\n<figure class=\"wp-block-image size-large\"><img decoding=\"async\" width=\"1024\" height=\"683\" data-id=\"2759\" src=\"https:\/\/ee.mlfmonde.org\/comilog\/wp-content\/uploads\/sites\/28\/2025\/05\/IMG_6313-1024x683.jpg\" alt=\"\" class=\"wp-image-2759\" srcset=\"https:\/\/ee.mlfmonde.org\/comilog\/wp-content\/uploads\/sites\/28\/2025\/05\/IMG_6313-1024x683.jpg 1024w, https:\/\/ee.mlfmonde.org\/comilog\/wp-content\/uploads\/sites\/28\/2025\/05\/IMG_6313-300x200.jpg 300w, https:\/\/ee.mlfmonde.org\/comilog\/wp-content\/uploads\/sites\/28\/2025\/05\/IMG_6313-768x512.jpg 768w, https:\/\/ee.mlfmonde.org\/comilog\/wp-content\/uploads\/sites\/28\/2025\/05\/IMG_6313-1536x1024.jpg 1536w, https:\/\/ee.mlfmonde.org\/comilog\/wp-content\/uploads\/sites\/28\/2025\/05\/IMG_6313-2048x1365.jpg 2048w, https:\/\/ee.mlfmonde.org\/comilog\/wp-content\/uploads\/sites\/28\/2025\/05\/IMG_6313-570x380.jpg 570w\" sizes=\"(max-width: 1024px) 100vw, 1024px\" \/><\/figure>\n<\/figure>\n\n\n\n<p class=\"has-medium-font-size\">Cette visite s\u2019inscrit dans une d\u00e9marche de dialogue et d\u2019accompagnement men\u00e9e par la MLF aupr\u00e8s de ses \u00e9tablissements, dans le but de valoriser les pratiques p\u00e9dagogiques innovantes, de renforcer la coh\u00e9rence du projet \u00e9ducatif commun et de soutenir les \u00e9quipes dans la mise en \u0153uvre du programme Fran\u00e7ais \u00e0 l\u2019international.<\/p>\n\n\n\n<p class=\"has-medium-font-size\">Accueilli par la direction de l\u2019\u00e9cole, le Directeur G\u00e9n\u00e9ral a pu \u00e9changer avec les enseignants, visiter les nouvelles classes et d\u00e9couvrir plusieurs projets port\u00e9s par l\u2019\u00e9quipe p\u00e9dagogique.<\/p>\n\n\n\n<p class=\"has-medium-font-size\">Cette visite a \u00e9t\u00e9 marqu\u00e9e par des \u00e9changes constructifs autour des enjeux p\u00e9dagogiques, de la formation des enseignants et des perspectives de d\u00e9veloppement de l\u2019\u00e9cole. La qualit\u00e9 du travail et l&#8217;engagement des \u00e9quipes, la pertinence des d\u00e9marches p\u00e9dagogiques et l\u2019environnement scolaire stimulant propos\u00e9 aux \u00e9l\u00e8ves ont \u00e9t\u00e9 salu\u00e9s \u00e0 cette occasion.<\/p>\n\n\n\n<p><\/p>\n","protected":false},"excerpt":{"rendered":"<p>Le 21 Mai 2025, nous avons eu l\u2019honneur de recevoir la visite de monsieur Jean-Marc MERRIAUX, Directeur G\u00e9n\u00e9ral de la Mission La\u00efque Fran\u00e7aise (MLF), et de monsieur Jo\u00ebl PLANTE, coordonnateur et responsable des \u00e9coles d&#8217;entreprise de la MLF.\u00a0\u00a0 Cette visite s\u2019inscrit dans une d\u00e9marche de dialogue et d\u2019accompagnement men\u00e9e par la MLF aupr\u00e8s de ses [&hellip;]<\/p>\n","protected":false},"author":166,"featured_media":0,"parent":0,"menu_order":0,"comment_status":"closed","ping_status":"closed","template":"","meta":{"_acf_changed":false,"footnotes":""},"class_list":["post-2758","page","type-page","status-publish","czr-hentry"],"acf":[],"_links":{"self":[{"href":"https:\/\/ee.mlfmonde.org\/comilog\/wp-json\/wp\/v2\/pages\/2758","targetHints":{"allow":["GET"]}}],"collection":[{"href":"https:\/\/ee.mlfmonde.org\/comilog\/wp-json\/wp\/v2\/pages"}],"about":[{"href":"https:\/\/ee.mlfmonde.org\/comilog\/wp-json\/wp\/v2\/types\/page"}],"author":[{"embeddable":true,"href":"https:\/\/ee.mlfmonde.org\/comilog\/wp-json\/wp\/v2\/users\/166"}],"replies":[{"embeddable":true,"href":"https:\/\/ee.mlfmonde.org\/comilog\/wp-json\/wp\/v2\/comments?post=2758"}],"version-history":[{"count":3,"href":"https:\/\/ee.mlfmonde.org\/comilog\/wp-json\/wp\/v2\/pages\/2758\/revisions"}],"predecessor-version":[{"id":2765,"href":"https:\/\/ee.mlfmonde.org\/comilog\/wp-json\/wp\/v2\/pages\/2758\/revisions\/2765"}],"wp:attachment":[{"href":"https:\/\/ee.mlfmonde.org\/comilog\/wp-json\/wp\/v2\/media?parent=2758"}],"curies":[{"name":"wp","href":"https:\/\/api.w.org\/{rel}","templated":true}]}}