{"id":1158,"date":"2018-08-09T08:36:11","date_gmt":"2018-08-09T08:36:11","guid":{"rendered":"http:\/\/ee.mlfmonde.org\/bata-sogea\/?page_id=1158"},"modified":"2018-08-18T05:23:32","modified_gmt":"2018-08-18T05:23:32","slug":"lhistoire-de-kalvin","status":"publish","type":"page","link":"https:\/\/ee.mlfmonde.org\/bata-sogea\/lhistoire-de-kalvin\/","title":{"rendered":"L&rsquo;histoire de Kalvin"},"content":{"rendered":"<p><img fetchpriority=\"high\" decoding=\"async\" class=\"alignright wp-image-1159\" src=\"http:\/\/ee.mlfmonde.org\/bata-sogea\/wp-content\/uploads\/sites\/16\/2018\/08\/Lhistoire-de-Kalvin-1.jpg\" alt=\"\" width=\"520\" height=\"292\" srcset=\"https:\/\/ee.mlfmonde.org\/bata-sogea\/wp-content\/uploads\/sites\/16\/2018\/08\/Lhistoire-de-Kalvin-1.jpg 709w, https:\/\/ee.mlfmonde.org\/bata-sogea\/wp-content\/uploads\/sites\/16\/2018\/08\/Lhistoire-de-Kalvin-1-300x168.jpg 300w\" sizes=\"(max-width: 520px) 100vw, 520px\" \/><br \/>\nL\u2019\u00e9cole fran\u00e7aise de Bata a particip\u00e9 \u00e0 FESTIMAJ 2018, un festival international du film d&rsquo;\u00e9cole, en pr\u00e9sentant <em>L\u2019histoire de Kalvin<\/em>, un court-m\u00e9trage sur le th\u00e8me du harc\u00e8lement scolaire.<\/p>\n<p>Ce film a \u00e9t\u00e9 imagin\u00e9 et co\u00e9crit par deux coll\u00e9giennes : Justine TERMET et Emma LUCAS.<\/p>\n<p>Apr\u00e8s la phase d\u2019\u00e9criture du sc\u00e9nario, les \u00e9l\u00e8ves de cycle III ont donn\u00e9 chair au projet en passant devant\u00a0 la cam\u00e9ra, sous l\u2019oeil attentif et les directives de nos deux r\u00e9alisatrices en herbe.<\/p>\n<p style=\"text-align: left\">L&rsquo;histoire de Kalvin a \u00e9t\u00e9 nomin\u00e9 par le public. Voil\u00e0 une belle r\u00e9ussite venant r\u00e9compenser plusieurs mois d\u2019intense activit\u00e9 !\u00a0\u00a0<a href=\"https:\/\/youtu.be\/gb6gyDqHSlI\" target=\"_blank\" rel=\"noopener\"><strong>Voir<\/strong> le film<\/a><em>.<\/em><\/p>\n<p><a href=\"http:\/\/ee.mlfmonde.org\/bata-sogea\/wp-content\/uploads\/sites\/16\/2018\/08\/Laur\u00e9ats-Festimaj-2018.pdf\">T\u00e9l\u00e9charger la liste des films laur\u00e9ats et nomin\u00e9s au festival Festimaj 2018<\/a><\/p>\n","protected":false},"excerpt":{"rendered":"<p>L\u2019\u00e9cole fran\u00e7aise de Bata a particip\u00e9 \u00e0 FESTIMAJ 2018, un festival international du film d&rsquo;\u00e9cole, en pr\u00e9sentant L\u2019histoire de Kalvin, un court-m\u00e9trage sur le th\u00e8me du harc\u00e8lement scolaire. Ce film a \u00e9t\u00e9 imagin\u00e9 et co\u00e9crit par deux coll\u00e9giennes : Justine TERMET et Emma LUCAS. Apr\u00e8s la phase d\u2019\u00e9criture du sc\u00e9nario, les \u00e9l\u00e8ves de cycle III [&hellip;]<\/p>\n","protected":false},"author":115,"featured_media":0,"parent":0,"menu_order":0,"comment_status":"closed","ping_status":"closed","template":"","meta":{"_acf_changed":false,"footnotes":""},"class_list":["post-1158","page","type-page","status-publish","czr-hentry"],"acf":[],"_links":{"self":[{"href":"https:\/\/ee.mlfmonde.org\/bata-sogea\/wp-json\/wp\/v2\/pages\/1158","targetHints":{"allow":["GET"]}}],"collection":[{"href":"https:\/\/ee.mlfmonde.org\/bata-sogea\/wp-json\/wp\/v2\/pages"}],"about":[{"href":"https:\/\/ee.mlfmonde.org\/bata-sogea\/wp-json\/wp\/v2\/types\/page"}],"author":[{"embeddable":true,"href":"https:\/\/ee.mlfmonde.org\/bata-sogea\/wp-json\/wp\/v2\/users\/115"}],"replies":[{"embeddable":true,"href":"https:\/\/ee.mlfmonde.org\/bata-sogea\/wp-json\/wp\/v2\/comments?post=1158"}],"version-history":[{"count":23,"href":"https:\/\/ee.mlfmonde.org\/bata-sogea\/wp-json\/wp\/v2\/pages\/1158\/revisions"}],"predecessor-version":[{"id":1161,"href":"https:\/\/ee.mlfmonde.org\/bata-sogea\/wp-json\/wp\/v2\/pages\/1158\/revisions\/1161"}],"wp:attachment":[{"href":"https:\/\/ee.mlfmonde.org\/bata-sogea\/wp-json\/wp\/v2\/media?parent=1158"}],"curies":[{"name":"wp","href":"https:\/\/api.w.org\/{rel}","templated":true}]}}